{"id":1720,"date":"2018-11-08T14:31:18","date_gmt":"2018-11-08T14:31:18","guid":{"rendered":"https:\/\/www.westernlogistics.com\/edmonton-alberta\/"},"modified":"2019-03-11T18:15:22","modified_gmt":"2019-03-11T18:15:22","slug":"edmonton-alberta","status":"publish","type":"page","link":"https:\/\/www.westernlogistics.com\/fr\/edmonton-alberta\/","title":{"rendered":"Edmonton, Alberta"},"content":{"rendered":"<p>[vc_row type= &raquo;in_container &raquo; bg_parallax= &raquo; &raquo; color_overlay= &raquo; &raquo; vu_equal_height_columns= &raquo; &raquo; row_id= &raquo; &raquo; el_class= &raquo; &raquo;][vc_column vu_vertical_align= &raquo;middle &raquo;]<div class=\"vu_map vu_m-fullwith m-b-35\" data-options=\"{&quot;zoom_level&quot;:&quot;10&quot;,&quot;center_lat&quot;:&quot;53.563800&quot;,&quot;center_lng&quot;:&quot;-113.611242&quot;,&quot;map_type&quot;:&quot;roadmap&quot;,&quot;tilt_45&quot;:&quot;&quot;,&quot;others_options&quot;:{&quot;draggable&quot;:&quot;1&quot;,&quot;zoomControl&quot;:&quot;1&quot;,&quot;disableDoubleClickZoom&quot;:&quot;&quot;,&quot;panControl&quot;:&quot;&quot;,&quot;fullscreenControl&quot;:&quot;1&quot;,&quot;mapTypeControl&quot;:&quot;&quot;,&quot;scaleControl&quot;:&quot;&quot;,&quot;streetViewControl&quot;:&quot;&quot;},&quot;use_marker_img&quot;:&quot;1&quot;,&quot;marker_img&quot;:&quot;https:\\\/\\\/www.westernlogistics.com\\\/wp-content\\\/uploads\\\/2016\\\/04\\\/map-marker-animate.svg&quot;,&quot;enable_animation&quot;:&quot;&quot;,&quot;locations&quot;:[{&quot;lat&quot;:&quot;53.563800&quot;,&quot;lng&quot;:&quot;-113.611242&quot;,&quot;info&quot;:&quot;Edmonton Terminal&lt;br \\\/&gt;\\n11442 - 168th St.&lt;br \\\/&gt;\\nEdmonton, AB&lt;br \\\/&gt;\\nT5M 3T9&lt;\\\/p&gt;\\n&lt;p&gt;T: 780.944.2500&lt;br \\\/&gt;\\nT\\\/F: 877.944.2500&lt;br \\\/&gt;\\nF: 780.944.2425&quot;}],&quot;styles&quot;:&quot;[{\\&quot;featureType\\&quot;:\\&quot;water\\&quot;,\\&quot;elementType\\&quot;:\\&quot;geometry\\&quot;,\\&quot;stylers\\&quot;:[{\\&quot;color\\&quot;:\\&quot;#e9e9e9\\&quot;},{\\&quot;lightness\\&quot;:17}]},{\\&quot;featureType\\&quot;:\\&quot;landscape\\&quot;,\\&quot;elementType\\&quot;:\\&quot;geometry\\&quot;,\\&quot;stylers\\&quot;:[{\\&quot;color\\&quot;:\\&quot;#f5f5f5\\&quot;},{\\&quot;lightness\\&quot;:20}]},{\\&quot;featureType\\&quot;:\\&quot;road.highway\\&quot;,\\&quot;elementType\\&quot;:\\&quot;geometry.fill\\&quot;,\\&quot;stylers\\&quot;:[{\\&quot;color\\&quot;:\\&quot;#ffffff\\&quot;},{\\&quot;lightness\\&quot;:17}]},{\\&quot;featureType\\&quot;:\\&quot;road.highway\\&quot;,\\&quot;elementType\\&quot;:\\&quot;geometry.stroke\\&quot;,\\&quot;stylers\\&quot;:[{\\&quot;color\\&quot;:\\&quot;#ffffff\\&quot;},{\\&quot;lightness\\&quot;:29},{\\&quot;weight\\&quot;:0.2}]},{\\&quot;featureType\\&quot;:\\&quot;road.arterial\\&quot;,\\&quot;elementType\\&quot;:\\&quot;geometry\\&quot;,\\&quot;stylers\\&quot;:[{\\&quot;color\\&quot;:\\&quot;#ffffff\\&quot;},{\\&quot;lightness\\&quot;:18}]},{\\&quot;featureType\\&quot;:\\&quot;road.local\\&quot;,\\&quot;elementType\\&quot;:\\&quot;geometry\\&quot;,\\&quot;stylers\\&quot;:[{\\&quot;color\\&quot;:\\&quot;#ffffff\\&quot;},{\\&quot;lightness\\&quot;:16}]},{\\&quot;featureType\\&quot;:\\&quot;poi\\&quot;,\\&quot;elementType\\&quot;:\\&quot;geometry\\&quot;,\\&quot;stylers\\&quot;:[{\\&quot;color\\&quot;:\\&quot;#f5f5f5\\&quot;},{\\&quot;lightness\\&quot;:21}]},{\\&quot;featureType\\&quot;:\\&quot;poi.park\\&quot;,\\&quot;elementType\\&quot;:\\&quot;geometry\\&quot;,\\&quot;stylers\\&quot;:[{\\&quot;color\\&quot;:\\&quot;#dedede\\&quot;},{\\&quot;lightness\\&quot;:21}]},{\\&quot;elementType\\&quot;:\\&quot;labels.text.stroke\\&quot;,\\&quot;stylers\\&quot;:[{\\&quot;visibility\\&quot;:\\&quot;on\\&quot;},{\\&quot;color\\&quot;:\\&quot;#ffffff\\&quot;},{\\&quot;lightness\\&quot;:16}]},{\\&quot;elementType\\&quot;:\\&quot;labels.text.fill\\&quot;,\\&quot;stylers\\&quot;:[{\\&quot;saturation\\&quot;:36},{\\&quot;color\\&quot;:\\&quot;#333333\\&quot;},{\\&quot;lightness\\&quot;:40}]},{\\&quot;elementType\\&quot;:\\&quot;labels.icon\\&quot;,\\&quot;stylers\\&quot;:[{\\&quot;visibility\\&quot;:\\&quot;off\\&quot;}]},{\\&quot;featureType\\&quot;:\\&quot;transit\\&quot;,\\&quot;elementType\\&quot;:\\&quot;geometry\\&quot;,\\&quot;stylers\\&quot;:[{\\&quot;color\\&quot;:\\&quot;#f2f2f2\\&quot;},{\\&quot;lightness\\&quot;:19}]},{\\&quot;featureType\\&quot;:\\&quot;administrative\\&quot;,\\&quot;elementType\\&quot;:\\&quot;geometry.fill\\&quot;,\\&quot;stylers\\&quot;:[{\\&quot;color\\&quot;:\\&quot;#fefefe\\&quot;},{\\&quot;lightness\\&quot;:20}]},{\\&quot;featureType\\&quot;:\\&quot;administrative\\&quot;,\\&quot;elementType\\&quot;:\\&quot;geometry.stroke\\&quot;,\\&quot;stylers\\&quot;:[{\\&quot;color\\&quot;:\\&quot;#fefefe\\&quot;},{\\&quot;lightness\\&quot;:17},{\\&quot;weight\\&quot;:1.2}]}]&quot;}\" style=\"height:330px;\"><\/div>[\/vc_column][\/vc_row][vc_row type= &raquo;in_container &raquo; bg_parallax= &raquo; &raquo; color_overlay= &raquo; &raquo; vu_equal_height_columns= &raquo; &raquo; row_id= &raquo; &raquo; el_class= &raquo; &raquo;][vc_column vu_vertical_align= &raquo;top &raquo;][vc_column_text]Les terminaux de Calgary et d&rsquo;Edmonton forment une unit\u00e9 int\u00e9gr\u00e9e dans le cadre d&rsquo;un programme de r\u00e9gionalisation afin d&rsquo;offrir une gamme compl\u00e8te de service en Alberta et dans les r\u00e9gions de l&rsquo;int\u00e9rieur de la Colombie-Britannique. Ensemble, Calgary et Edmonton proposent pr\u00e8s de 35\u00a0000 pieds carr\u00e9s d&rsquo;espace d&rsquo;entreposage de qualit\u00e9 pour soutenir ces op\u00e9rations r\u00e9gionales.[\/vc_column_text][\/vc_column][\/vc_row][vc_row type= &raquo;in_container &raquo; bg_parallax= &raquo; &raquo; color_overlay= &raquo; &raquo; vu_equal_height_columns= &raquo; &raquo; row_id= &raquo; &raquo; el_class= &raquo; &raquo;][vc_column vu_vertical_align= &raquo;middle &raquo;]\t\t<header class=\"vu_heading vu_h-alignment-left m-t-0\">\r\n\t\t\t<h2 class=\"vu_h-heading m-b-0\">COORDONN\u00c9ES<\/h2>\r\n\r\n\t\t\t\t\t<\/header>\r\n\t[\/vc_column][\/vc_row][vc_row type= &raquo;in_container &raquo; bg_parallax= &raquo; &raquo; color_overlay= &raquo; &raquo; vu_equal_height_columns= &raquo; &raquo; row_id= &raquo; &raquo; el_class= &raquo; &raquo;][vc_column vu_vertical_align= &raquo;middle &raquo; width= &raquo;1\/2&Prime;][vc_single_image image= &raquo;1041&Prime; img_size= &raquo;400&#215;300&Prime;][\/vc_column][vc_column vu_vertical_align= &raquo;top &raquo; width= &raquo;1\/2&Prime;][vc_column_text css= &raquo;.vc_custom_1552328111818{padding-top: 30px !important;padding-right: 30px !important;padding-bottom: 30px !important;padding-left: 30px !important;background-color: #ffffff !important;} &raquo; el_class= &raquo;vu_secondary-bg-color m-b-0&Prime;]<\/p>\n<h4>Terminal d&rsquo;Edmonton, AB<\/h4>\n<ul class=\"vu_contact-info-list\" style=\"color: #000;\">\n<li><i class=\"fa fa-map-marker\"><\/i>\n<div>11211 &#8211; 151 St. NW, Edmonton, AB<br \/>\nCanada T5M 4B5<\/div>\n<\/li>\n<li><i class=\"fa fa-phone\"><\/i>\n<div><strong>T\u00e9l. :<\/strong> 780-944-2500 | Sans frais<strong> :<\/strong> 1-877-944-2500<\/div>\n<\/li>\n<li><i class=\"fa fa-fax\"><\/i>\n<div><strong>T\u00e9l\u00e9c. :<\/strong> 780-944-2425<\/div>\n<\/li>\n<li><i class=\"fa fa-envelope\"><\/i>\n<div><a href=\"&#x6d;&#x61;&#105;lt&#x6f;&#x3a;&#99;&#117;s&#x74;&#x6f;&#109;&#101;r&#x73;&#x65;&#x72;&#118;ic&#x65;&#x40;&#119;&#101;s&#x74;&#x65;&#114;&#110;l&#x6f;&#x67;&#105;&#115;t&#x69;&#x63;&#x73;&#46;co&#x6d;\">&#83;e&#x72;v&#x69;&#99;&#x65;&#67;&#x6c;&#105;e&#x6e;t&#x65;&#108;&#x65;&#64;&#x77;&#101;&#x73;&#116;e&#x72;n&#x6c;&#111;&#x67;&#105;&#x73;&#116;i&#x63;s&#x2e;&#99;&#x6f;&#109;<\/a><br \/>\n<a href=\"&#x6d;&#x61;&#105;&#108;&#116;o&#x3a;&#x72;&#x61;&#116;&#101;s&#64;&#x77;&#x65;&#x73;&#116;&#101;r&#x6e;&#x6c;&#x6f;&#103;&#105;&#115;t&#x69;&#x63;&#x73;&#46;&#99;om\">T&#97;&#117;&#x78;&#x40;we&#115;&#116;&#x65;&#x72;nl&#111;&#103;&#x69;&#x73;ti&#99;&#x73;&#x2e;&#x63;o&#109;<\/a><\/div>\n<\/li>\n<\/ul>\n<p>[\/vc_column_text][\/vc_column][\/vc_row][vc_row type= &raquo;in_container &raquo; bg_parallax= &raquo; &raquo; color_overlay= &raquo; &raquo; vu_equal_height_columns= &raquo; &raquo; row_id= &raquo; &raquo; el_class= &raquo; &raquo;][vc_column vu_vertical_align= &raquo;top &raquo;]\t\t<header class=\"vu_heading vu_h-alignment-left\">\r\n\t\t\t<h2 class=\"vu_h-heading m-b-0\">ENVOYEZ UN COURRIEL AUX MEMBRES DE NOTRE \u00c9QUIPE D&#039;EDMONTON<\/h2>\r\n\r\n\t\t\t\t\t<\/header>\r\n\t\t\t<div class=\"vu_carousel-container\">\r\n\t\t\t<div class=\"vu_carousel clearfix\" data-options=\"{&quot;singleItem&quot;:false,&quot;itemsScaleUp&quot;:false,&quot;addClassActive&quot;:true,&quot;navigationText&quot;:[&quot;&lt;i class=\\&quot;fa fa-angle-left\\&quot;&gt;&lt;\\\/i&gt;&quot;,&quot;&lt;i class=\\&quot;fa fa-angle-right\\&quot;&gt;&lt;\\\/i&gt;&quot;],&quot;autoHeight&quot;:true,&quot;items&quot;:3,&quot;itemsDesktop&quot;:[1199,3],&quot;itemsDesktopSmall&quot;:[980,1],&quot;itemsTablet&quot;:[768,2],&quot;itemsMobile&quot;:[479,1],&quot;slideSpeed&quot;:200,&quot;paginationSpeed&quot;:800,&quot;rewindSpeed&quot;:1000,&quot;autoPlay&quot;:5000,&quot;stopOnHover&quot;:true,&quot;navigation&quot;:true,&quot;rewindNav&quot;:true,&quot;scrollPerPage&quot;:false,&quot;pagination&quot;:true,&quot;paginationNumbers&quot;:true}\">\r\n\t\t\t\t\t\t<div class=\"vu_carousel-item\">\n\t\t\t\t\t<div class=\"vu_team-member\" itemscope=\"itemscope\" itemtype=\"https:\/\/schema.org\/Person\">\r\n\t\t\t\t\t\t\t<div class=\"vu_tm-image\">\r\n\t\t\t\t\t<img width=\"500\" height=\"500\" src=\"https:\/\/www.westernlogistics.com\/wp-content\/uploads\/2018\/03\/dave-baker.jpg\" class=\"attachment-transpress_ratio-1:1 size-transpress_ratio-1:1\" alt=\"\" decoding=\"async\" itemprop=\"image\" loading=\"lazy\" srcset=\"https:\/\/www.westernlogistics.com\/wp-content\/uploads\/2018\/03\/dave-baker.jpg 500w, https:\/\/www.westernlogistics.com\/wp-content\/uploads\/2018\/03\/dave-baker-150x150.jpg 150w, https:\/\/www.westernlogistics.com\/wp-content\/uploads\/2018\/03\/dave-baker-300x300.jpg 300w\" sizes=\"(max-width: 500px) 100vw, 500px\" \/>\t\t\t\t<\/div>\r\n\t\t\t\r\n\t\t\t<div class=\"vu_tm-info\">\r\n\t\t\t\t<h4 class=\"vu_tm-name\"><a href=\"m&#97;&#105;&#x6c;&#x74;o&#58;&#100;&#x61;&#x76;&#x65;&#64;&#119;&#101;&#x73;&#x74;er&#110;&#x6c;&#x6f;&#x67;i&#115;&#116;&#x69;&#x63;s&#46;&#99;&#x6f;&#x6d;\" title=\"\" target=\"_self\">Dave Baker<\/a><\/h4>\t\t\t\t\r\n\t\t\t\t\t\t\t\t\t<span class=\"vu_tm-position\" itemprop=\"jobTitle\">Gestionnaire du terminal<\/span>\r\n\t\t\t\t\t\t\t<\/div>\r\n\t\t\t\r\n\t\t\t\r\n\t\t\t\t\t<\/div>\r\n\t\t\t<\/div>\n\t\t\t\t<\/div>\r\n\t\t<\/div>\r\n\t[\/vc_column][\/vc_row][vc_row type= &raquo;in_container &raquo; bg_parallax= &raquo; &raquo; color_overlay= &raquo; &raquo; vu_equal_height_columns= &raquo; &raquo; row_id= &raquo; &raquo; el_class= &raquo; &raquo;][vc_column vu_vertical_align= &raquo;top &raquo;][\/vc_column][\/vc_row]<\/p>\n","protected":false},"excerpt":{"rendered":"<p>[vc_row type= &raquo;in_container &raquo; bg_parallax= &raquo; &raquo; color_overlay= &raquo; &raquo; vu_equal_height_columns= &raquo; &raquo; row_id= &raquo; &raquo; el_class= &raquo; &raquo;][vc_column vu_vertical_align= &raquo;middle &raquo;][\/vc_column][\/vc_row][vc_row type= &raquo;in_container &raquo; bg_parallax= &raquo; &raquo; color_overlay= &raquo; &raquo; vu_equal_height_columns= &raquo; &raquo; row_id= &raquo; &raquo; el_class= &raquo; &raquo;][vc_column vu_vertical_align= &raquo;top &raquo;][vc_column_text]Les terminaux de Calgary et d&rsquo;Edmonton forment une unit\u00e9 int\u00e9gr\u00e9e dans le cadre [&hellip;]<\/p>\n","protected":false},"author":3,"featured_media":0,"parent":0,"menu_order":0,"comment_status":"closed","ping_status":"closed","template":"","meta":{"content-type":"","footnotes":""},"_links":{"self":[{"href":"https:\/\/www.westernlogistics.com\/fr\/wp-json\/wp\/v2\/pages\/1720"}],"collection":[{"href":"https:\/\/www.westernlogistics.com\/fr\/wp-json\/wp\/v2\/pages"}],"about":[{"href":"https:\/\/www.westernlogistics.com\/fr\/wp-json\/wp\/v2\/types\/page"}],"author":[{"embeddable":true,"href":"https:\/\/www.westernlogistics.com\/fr\/wp-json\/wp\/v2\/users\/3"}],"replies":[{"embeddable":true,"href":"https:\/\/www.westernlogistics.com\/fr\/wp-json\/wp\/v2\/comments?post=1720"}],"version-history":[{"count":7,"href":"https:\/\/www.westernlogistics.com\/fr\/wp-json\/wp\/v2\/pages\/1720\/revisions"}],"predecessor-version":[{"id":1998,"href":"https:\/\/www.westernlogistics.com\/fr\/wp-json\/wp\/v2\/pages\/1720\/revisions\/1998"}],"wp:attachment":[{"href":"https:\/\/www.westernlogistics.com\/fr\/wp-json\/wp\/v2\/media?parent=1720"}],"curies":[{"name":"wp","href":"https:\/\/api.w.org\/{rel}","templated":true}]}}